{"id":30237,"date":"2025-06-07T01:33:16","date_gmt":"2025-06-06T23:33:16","guid":{"rendered":"https:\/\/www.gonomadu.com\/property\/tenerife-luxusni-vila-s-vyhrivanym-nekonecnym-bazenem-a-panoramatickym-vyhledem-na-more\/"},"modified":"2025-07-02T11:49:38","modified_gmt":"2025-07-02T09:49:38","slug":"tenerife-luxusni-vila-s-vyhrivanym-nekonecnym-bazenem-a-panoramatickym-vyhledem-na-more","status":"publish","type":"property","link":"https:\/\/www.gonomadu.com\/cs\/property\/tenerife-luxusni-vila-s-vyhrivanym-nekonecnym-bazenem-a-panoramatickym-vyhledem-na-more\/","title":{"rendered":"Tenerife Luxusn\u00ed vila s vyh\u0159\u00edvan\u00fdm nekone\u010dn\u00fdm baz\u00e9nem a panoramatick\u00fdm v\u00fdhledem na mo\u0159e"},"content":{"rendered":"<h3 data-start=\"300\" data-end=\"319\"><strong data-start=\"304\" data-end=\"319\">Stru\u010dn\u00e1 fakta<\/strong><\/h3>\n<div class=\"_tableContainer_16hzy_1\">\n<div class=\"_tableWrapper_16hzy_14 group flex w-fit flex-col-reverse\">\n<table class=\"w-fit min-w-(--thread-content-width)\" data-start=\"321\" data-end=\"994\">\n<thead data-start=\"321\" data-end=\"351\">\n<tr data-start=\"321\" data-end=\"351\">\n<th data-start=\"321\" data-end=\"337\" data-col-size=\"sm\"><strong data-start=\"323\" data-end=\"334\">Funkce<\/strong><\/th>\n<th data-start=\"337\" data-end=\"351\" data-col-size=\"md\"><strong data-start=\"339\" data-end=\"349\">Detail<\/strong><\/th>\n<\/tr>\n<\/thead>\n<tbody data-start=\"383\" data-end=\"994\">\n<tr data-start=\"383\" data-end=\"485\">\n<td data-start=\"383\" data-end=\"399\" data-col-size=\"sm\"><strong data-start=\"385\" data-end=\"396\">Terasa<\/strong><\/td>\n<td data-start=\"399\" data-end=\"485\" data-col-size=\"md\">Jihoz\u00e1padn\u011b orientovan\u00e1 terasa s ob\u00fdvac\u00edm pokojem, venkovn\u00ed j\u00eddelnou a panoramatick\u00fdm v\u00fdhledem na oce\u00e1n<\/td>\n<\/tr>\n<tr data-start=\"486\" data-end=\"594\">\n<td data-start=\"486\" data-end=\"502\" data-col-size=\"sm\"><strong data-start=\"488\" data-end=\"498\">Living<\/strong><\/td>\n<td data-start=\"502\" data-end=\"594\" data-col-size=\"md\">Prostorn\u00fd ob\u00fdvac\u00ed pokoj\/j\u00eddelna v horn\u00edm pat\u0159e s prosklenou podlahou a\u017e ke stropu a p\u0159\u00edm\u00fdm vstupem na terasu<\/td>\n<\/tr>\n<tr data-start=\"595\" data-end=\"684\">\n<td data-start=\"595\" data-end=\"611\" data-col-size=\"sm\"><strong data-start=\"597\" data-end=\"609\">Lo\u017enice<\/strong><\/td>\n<td data-start=\"611\" data-end=\"684\" data-col-size=\"md\">Dv\u011b apartm\u00e1, sv\u011btl\u00e9 interi\u00e9ry ve st\u0159edomo\u0159sk\u00e9m stylu s v\u00fdhledem na mo\u0159e<\/td>\n<\/tr>\n<tr data-start=\"685\" data-end=\"792\">\n<td data-start=\"685\" data-end=\"701\" data-col-size=\"sm\"><strong data-start=\"687\" data-end=\"701\">Well-being<\/strong><\/td>\n<td data-start=\"701\" data-end=\"792\" data-col-size=\"md\">Vyh\u0159\u00edvan\u00fd nekone\u010dn\u00fd baz\u00e9n, venkovn\u00ed relaxa\u010dn\u00ed prostory, nedalek\u00e9 pl\u00e1\u017eov\u00e9 kluby a sportovn\u00ed za\u0159\u00edzen\u00ed<\/td>\n<\/tr>\n<tr data-start=\"793\" data-end=\"895\">\n<td data-start=\"793\" data-end=\"809\" data-col-size=\"sm\"><strong data-start=\"795\" data-end=\"805\">P\u0159\u00edstup na<\/strong><\/td>\n<td data-start=\"809\" data-end=\"895\" data-col-size=\"md\">Soukrom\u00e1 vila s p\u0159\u00edm\u00fdm p\u0159\u00edstupem ze silnice, um\u00edst\u011bn\u00ed ve svahu, m\u00edsto a\u017e pro 6 osob<\/td>\n<\/tr>\n<tr data-start=\"896\" data-end=\"994\">\n<td data-start=\"896\" data-end=\"912\" data-col-size=\"sm\"><strong data-start=\"898\" data-end=\"909\">Nastaven\u00ed<\/strong><\/td>\n<td data-start=\"912\" data-end=\"994\" data-col-size=\"md\">Exkluzivn\u00ed prost\u0159ed\u00ed na svahu s neru\u0161en\u00fdm v\u00fdhledem na mo\u0159e a nedalek\u00fdm p\u0159\u00edstupem na pl\u00e1\u017e<\/td>\n<\/tr>\n<\/tbody>\n<\/table>\n<div class=\"sticky end-(--thread-content-margin) h-0 self-end select-none\">\n<div class=\"absolute end-0 flex items-end\"><\/div>\n<\/div>\n<\/div>\n<\/div>\n<h3 data-start=\"1001\" data-end=\"1029\"><\/h3>\n<h3 data-start=\"1001\" data-end=\"1029\"><strong data-start=\"1005\" data-end=\"1029\">Poloha a \u017eivotn\u00ed styl<\/strong><\/h3>\n<p data-start=\"1031\" data-end=\"1318\">Vila Callao se ty\u010d\u00ed na vyhled\u00e1van\u00e9m svahu v <strong data-start=\"1078\" data-end=\"1096\">Callao Salvaje<\/strong> na sluncem zalit\u00e9m jihoz\u00e1padn\u00edm pob\u0159e\u017e\u00ed Tenerife. Vila se nach\u00e1z\u00ed jen p\u00e1r minut od <strong data-start=\"1173\" data-end=\"1191\">pl\u00e1\u017ee Playa de Ajabo<\/strong> a <strong data-start=\"1200\" data-end=\"1225\">pl\u00e1\u017eov\u00e9ho klubu Sue\u00f1o Azul<\/strong>, zat\u00edmco <strong data-start=\"1233\" data-end=\"1287\">golfov\u00e1 h\u0159i\u0161t\u011b, tenisov\u00e9 kurty, restaurace a obchody<\/strong> jsou v okruhu 10 minut.<\/p>\n<p data-start=\"1320\" data-end=\"1469\">V tomto elegantn\u00edm \u00fato\u010di\u0161ti se snoub\u00ed modern\u00ed luxus se st\u0159edomo\u0159skou atmosf\u00e9rou interi\u00e9ru a exteri\u00e9ru &#8211; ide\u00e1ln\u00ed pro nas\u00e1v\u00e1n\u00ed tepl\u00e9ho podneb\u00ed a atlantick\u00e9ho v\u00e1nku na ostrov\u011b.<\/p>\n<h3 data-start=\"1476\" data-end=\"1500\"><strong data-start=\"1480\" data-end=\"1500\">Uvnit\u0159 vily<\/strong><\/h3>\n<ul data-start=\"1502\" data-end=\"1912\">\n<li data-start=\"1502\" data-end=\"1632\">\n<p data-start=\"1504\" data-end=\"1632\">Ob\u00fdvac\u00ed pokoj v horn\u00ed \u00farovni je plynule propojen s panoramatickou terasou &#8211; ide\u00e1ln\u00ed pro stolov\u00e1n\u00ed p\u0159i z\u00e1padu slunce nebo aperitivy u baz\u00e9nu.<\/p>\n<\/li>\n<li data-start=\"1633\" data-end=\"1741\">\n<p data-start=\"1635\" data-end=\"1741\">Modern\u00ed kuchy\u0148 a prostorn\u00fd ob\u00fdvac\u00ed pokoj s j\u00eddelnou s prosklenou celou v\u00fd\u0161kou, ze kter\u00e9 je n\u00e1dhern\u00fd v\u00fdhled na Atlantik.<\/p>\n<\/li>\n<li data-start=\"1742\" data-end=\"1834\">\n<p data-start=\"1744\" data-end=\"1834\">Design inspirovan\u00fd St\u0159edomo\u0159\u00edm se sv\u011btl\u00fdmi, otev\u0159en\u00fdmi interi\u00e9ry a konceptem bydlen\u00ed uvnit\u0159.<\/p>\n<\/li>\n<li data-start=\"1835\" data-end=\"1912\">\n<p data-start=\"1837\" data-end=\"1912\">Dv\u011b lo\u017enice s vlastn\u00edm soci\u00e1ln\u00edm za\u0159\u00edzen\u00edm se nach\u00e1zej\u00ed ve spodn\u00edm pat\u0159e a poskytuj\u00ed soukrom\u00ed a pohodl\u00ed.<\/p>\n<\/li>\n<\/ul>\n<h3 data-start=\"1919\" data-end=\"1947\"><strong data-start=\"1923\" data-end=\"1947\">Nejd\u016fle\u017eit\u011bj\u0161\u00ed ud\u00e1losti v komunit\u011b<\/strong><\/h3>\n<ul data-start=\"1949\" data-end=\"2197\">\n<li data-start=\"1949\" data-end=\"2004\">\n<p data-start=\"1951\" data-end=\"2004\">Vyh\u0159\u00edvan\u00fd <strong data-start=\"1958\" data-end=\"1975\">nekone\u010dn\u00fd baz\u00e9n s<\/strong> panoramatick\u00fdm v\u00fdhledem na oce\u00e1n<\/p>\n<\/li>\n<li data-start=\"2005\" data-end=\"2064\">\n<p data-start=\"2007\" data-end=\"2064\"><strong data-start=\"2007\" data-end=\"2046\">Terasa s jihoz\u00e1padn\u00ed orientac\u00ed<\/strong> pro celodenn\u00ed slunce<\/p>\n<\/li>\n<li data-start=\"2065\" data-end=\"2129\">\n<p data-start=\"2067\" data-end=\"2129\">Ob\u00fdvac\u00ed pokoj a <strong data-start=\"2078\" data-end=\"2102\">venkovn\u00ed j\u00eddelna<\/strong> ide\u00e1ln\u00ed pro z\u00e1bavu<\/p>\n<\/li>\n<li data-start=\"2130\" data-end=\"2197\">\n<p data-start=\"2132\" data-end=\"2197\">Bl\u00edzkost <strong data-start=\"2151\" data-end=\"2197\">pl\u00e1\u017e\u00ed, golfu, tenisu, restaurac\u00ed a obchod\u016f<\/strong><\/p>\n<\/li>\n<\/ul>\n<h3 data-start=\"2204\" data-end=\"2242\"><strong data-start=\"2208\" data-end=\"2242\">\u010c\u00edm tento d\u016fm vynik\u00e1<\/strong><\/h3>\n<ul data-start=\"2244\" data-end=\"2569\">\n<li data-start=\"2244\" data-end=\"2297\">\n<p data-start=\"2246\" data-end=\"2297\"><strong data-start=\"2246\" data-end=\"2269\">Luxusn\u00ed novostavba<\/strong> ve velmi \u017e\u00e1dan\u00e9 lokalit\u011b<\/p>\n<\/li>\n<li data-start=\"2298\" data-end=\"2369\">\n<p data-start=\"2300\" data-end=\"2369\">Vyv\u00fd\u0161en\u00e9 m\u00edsto <strong data-start=\"2309\" data-end=\"2329\">na svahu<\/strong> s n\u00e1dhern\u00fdm v\u00fdhledem na Atlantik<\/p>\n<\/li>\n<li data-start=\"2370\" data-end=\"2443\">\n<p data-start=\"2372\" data-end=\"2443\">Vz\u00e1cn\u00e1 kombinace <strong data-start=\"2392\" data-end=\"2419\">klidu a p\u0159\u00edstupu k<\/strong> pulzuj\u00edc\u00edmu \u017eivotu na pl\u00e1\u017ei<\/p>\n<\/li>\n<li data-start=\"2444\" data-end=\"2503\">\n<p data-start=\"2446\" data-end=\"2503\">Sluncem zalit\u00e1 <strong data-start=\"2457\" data-end=\"2480\">jihoz\u00e1padn\u00ed expozice<\/strong> pro dramatick\u00e9 z\u00e1pady slunce<\/p>\n<\/li>\n<li data-start=\"2504\" data-end=\"2569\">\n<p data-start=\"2506\" data-end=\"2569\">P\u0159ipraveno k nast\u011bhov\u00e1n\u00ed s <strong data-start=\"2525\" data-end=\"2544\">modern\u00edmi \u00fapravami<\/strong> a vybaven\u00edm na kl\u00ed\u010d<\/p>\n<\/li>\n<\/ul>\n<h3 data-start=\"2576\" data-end=\"2603\"><\/h3>\n<h3 data-start=\"2576\" data-end=\"2603\"><strong data-start=\"2580\" data-end=\"2603\">Investi\u010dn\u00ed sn\u00edmek<\/strong><\/h3>\n<p data-start=\"2704\" data-end=\"3016\"><span style=\"font-weight: 400;\">Nemovitosti na Tenerife rychle rostou, ceny rostou p\u0159ibli\u017en\u011b o 8 % ro\u010dn\u011b. Obl\u00edben\u00e9 oblasti na jihu, jako je Costa Adeje, nab\u00edzej\u00ed vysok\u00e9 v\u00fdnosy ve v\u00fd\u0161i<\/span><b> 7\u20139 %<\/b><span style=\"font-weight: 400;\">, co\u017e l\u00e1k\u00e1 <\/span><b>investory i kupce atraktivn\u00edch nemovitost\u00ed.<\/b><span style=\"font-weight: 400;\"> D\u00edky omezen\u00e9 nab\u00eddce, vysok\u00e9 popt\u00e1vce ze strany mezin\u00e1rodn\u00edch kupuj\u00edc\u00edch, neust\u00e1l\u00e9mu zlep\u0161ov\u00e1n\u00ed infrastruktury a prosperuj\u00edc\u00edmu odv\u011btv\u00ed cestovn\u00edho ruchu je <\/span><b>Tenerife nyn\u00ed jedn\u00edm z nejlep\u0161\u00edch m\u00edst ve \u0160pan\u011blsku pro bezpe\u010dn\u00e9 a dlouhodob\u00e9 investice do nemovitost\u00ed<\/b><span style=\"font-weight: 400;\">.<\/span><\/p>\n<p style=\"text-align: right;\" data-start=\"3023\" data-end=\"3042\"><strong data-start=\"3023\" data-end=\"3042\">Callao Salvaje, Tenerife, Spain<\/strong><\/p>\n","protected":false},"excerpt":{"rendered":"<p>Stru\u010dn\u00e1 fakta Funkce Detail Terasa Jihoz\u00e1padn\u011b orientovan\u00e1 terasa s ob\u00fdvac\u00edm pokojem, venkovn\u00ed j\u00eddelnou a panoramatick\u00fdm v\u00fdhledem na oce\u00e1n Living Prostorn\u00fd ob\u00fdvac\u00ed pokoj\/j\u00eddelna v horn\u00edm pat\u0159e s prosklenou podlahou a\u017e ke stropu a p\u0159\u00edm\u00fdm vstupem na terasu Lo\u017enice Dv\u011b apartm\u00e1, sv\u011btl\u00e9 interi\u00e9ry ve st\u0159edomo\u0159sk\u00e9m stylu s v\u00fdhledem na mo\u0159e Well-being Vyh\u0159\u00edvan\u00fd nekone\u010dn\u00fd baz\u00e9n, venkovn\u00ed relaxa\u010dn\u00ed prostory, [&hellip;]<\/p>\n","protected":false},"author":1,"featured_media":30223,"parent":0,"menu_order":0,"template":"","property_type":[321],"property_status":[],"property_feature":[324,325,326,327,328,323,329,331,332,333,334,335,336,337],"property_label":[],"property_country":[339],"property_state":[377],"property_city":[1031,1327],"property_area":[],"class_list":["post-30237","property","type-property","status-publish","has-post-thumbnail","hentry","property_type-apartman-cs","property_feature-chladnicka-cs","property_feature-grilovani","property_feature-klimatizace","property_feature-mikrovlnna-trouba","property_feature-okenni-krytiny","property_feature-plavecky-bazen","property_feature-podlozka-cs","property_feature-pradelna","property_feature-sauna-cs","property_feature-susicka-cs","property_feature-televizni-kabel","property_feature-travnik-cs","property_feature-venkovni-sprcha","property_feature-wifi-cs","property_country-spanelsko","property_state-canarias-cs","property_city-adeje-cs","property_city-tenerife-cs"],"property_meta":{"houzez_featured_listing_date":["2025-07-02 11:49:38"],"_top_nav_excluded":[""],"_cms_nav_minihome":[""],"fave_property_price":["299000"],"fave_property_price_prefix":["\u215b vlastnictv\u00ed"],"fave_property_size":["360"],"fave_property_size_prefix":["m2"],"fave_property_bedrooms":["2"],"fave_property_bathrooms":["4"],"fave_property_garage":["1"],"fave_property_map":["1"],"fave_property_map_address":["Vila Jan s vyh\u0159\u00edvan\u00fdm baz\u00e9nem, C. el Valito, Adeje, Santa Cruz de Tenerife, \u0160pan\u011blsko"],"fave_property_location":["28.1335756,-16.7841006,14"],"houzez_geolocation_lat":["28.1335756"],"houzez_geolocation_long":["-16.7841006"],"fave_property_map_street_view":["hide"],"fave_property_address":["Vila Jan s vyh\u0159\u00edvan\u00fdm baz\u00e9nem, C. el Valito, Adeje, Santa Cruz de Tenerife, \u0160pan\u011blsko"],"fave_property_zip":["38670"],"fave_agent_display_option":["agent_info"],"fave_agents":["23106"],"_thumbnail_id":["30223"],"_wpml_word_count":["533"],"houzez_total_property_views":["671"],"houzez_views_by_date":["a:61:{s:10:\"06-09-2026\";i:1;s:10:\"06-10-2026\";i:1;s:10:\"06-11-2026\";i:1;s:10:\"06-12-2026\";i:1;s:10:\"06-13-2026\";i:1;s:10:\"06-14-2026\";i:1;s:10:\"06-15-2026\";i:1;s:10:\"06-16-2026\";i:1;s:10:\"06-17-2026\";i:1;s:10:\"06-18-2026\";i:1;s:10:\"06-20-2026\";i:1;s:10:\"06-23-2026\";i:1;s:10:\"06-25-2026\";i:2;s:10:\"06-29-2026\";i:1;s:10:\"06-30-2026\";i:2;s:10:\"07-01-2026\";i:3;s:10:\"07-02-2026\";i:1;s:10:\"07-03-2026\";i:1;s:10:\"07-05-2026\";i:2;s:10:\"07-06-2026\";i:1;s:10:\"07-10-2026\";i:2;s:10:\"07-11-2026\";i:1;s:10:\"07-13-2026\";i:1;s:10:\"07-16-2026\";i:1;s:10:\"07-17-2026\";i:3;s:10:\"07-18-2026\";i:2;s:10:\"07-19-2026\";i:2;s:10:\"07-22-2026\";i:1;s:10:\"07-24-2026\";i:1;s:10:\"07-25-2026\";i:2;s:10:\"07-27-2026\";i:1;s:10:\"07-28-2026\";i:1;s:10:\"07-30-2026\";i:2;s:10:\"07-31-2026\";i:4;s:10:\"08-02-2026\";i:1;s:10:\"08-03-2026\";i:4;s:10:\"08-05-2026\";i:1;s:10:\"08-06-2026\";i:1;s:10:\"08-07-2026\";i:1;s:10:\"08-08-2026\";i:1;s:10:\"08-09-2026\";i:1;s:10:\"08-10-2026\";i:2;s:10:\"08-12-2026\";i:1;s:10:\"08-14-2026\";i:2;s:10:\"08-15-2026\";i:2;s:10:\"08-16-2026\";i:2;s:10:\"08-17-2026\";i:1;s:10:\"08-18-2026\";i:1;s:10:\"08-19-2026\";i:2;s:10:\"08-20-2026\";i:2;s:10:\"08-21-2026\";i:2;s:10:\"08-22-2026\";i:14;s:10:\"08-23-2026\";i:23;s:10:\"08-24-2026\";i:14;s:10:\"08-25-2026\";i:4;s:10:\"08-26-2026\";i:4;s:10:\"08-27-2026\";i:4;s:10:\"08-28-2026\";i:12;s:10:\"08-29-2026\";i:10;s:10:\"08-30-2026\";i:6;s:10:\"08-31-2026\";i:8;}"],"houzez_recently_viewed":["2026-08-31 20:35:12"],"_edit_lock":["1751449798:1"],"_last_translation_edit_mode":["native-editor"],"_edit_last":["1"],"fave_show_price_placeholder":["0"],"_aioseo_title":[null],"_aioseo_description":[null],"_aioseo_keywords":["a:0:{}"],"_aioseo_og_title":[null],"_aioseo_og_description":[null],"_aioseo_og_article_section":[""],"_aioseo_og_article_tags":["a:0:{}"],"_aioseo_twitter_title":[null],"_aioseo_twitter_description":[null],"houzez_manual_expire":["0"],"_houzez_expiration_date_status":["saved"],"_wpml_media_duplicate":["1"],"_wpml_media_featured":["1"],"ekit_post_views_count":["659"],"rank_math_analytic_object_id":["51"],"rank_math_internal_links_processed":["1"],"rank_math_seo_score":["6"],"fave_property_images":["30222","30217","30212","30207","30202"],"fave_featured":["1"],"fave_single_top_area":["global"],"fave_single_content_area":["global"],"_uag_css_file_name":["uag-css-30237.css"],"_uag_page_assets":["a:9:{s:3:\"css\";s:260:\".uag-blocks-common-selector{z-index:var(--z-index-desktop) !important}@media(max-width: 976px){.uag-blocks-common-selector{z-index:var(--z-index-tablet) !important}}@media(max-width: 767px){.uag-blocks-common-selector{z-index:var(--z-index-mobile) !important}}\";s:2:\"js\";s:0:\"\";s:18:\"current_block_list\";a:7:{i:0;s:11:\"core\/search\";i:1;s:10:\"core\/group\";i:2;s:12:\"core\/heading\";i:3;s:17:\"core\/latest-posts\";i:4;s:20:\"core\/latest-comments\";i:5;s:13:\"core\/archives\";i:6;s:15:\"core\/categories\";}s:8:\"uag_flag\";b:0;s:11:\"uag_version\";s:10:\"1788098153\";s:6:\"gfonts\";a:0:{}s:10:\"gfonts_url\";s:0:\"\";s:12:\"gfonts_files\";a:0:{}s:14:\"uag_faq_layout\";b:0;}"],"_elementor_page_assets":["a:0:{}"]},"uagb_featured_image_src":{"full":["https:\/\/www.gonomadu.com\/wp-content\/uploads\/2025\/06\/villa-callao-ausblick.webp",1080,720,false],"thumbnail":["https:\/\/www.gonomadu.com\/wp-content\/uploads\/2025\/06\/villa-callao-ausblick-150x150.webp",150,150,true],"medium":["https:\/\/www.gonomadu.com\/wp-content\/uploads\/2025\/06\/villa-callao-ausblick-300x200.webp",300,200,true],"medium_large":["https:\/\/www.gonomadu.com\/wp-content\/uploads\/2025\/06\/villa-callao-ausblick-768x512.webp",768,512,true],"large":["https:\/\/www.gonomadu.com\/wp-content\/uploads\/2025\/06\/villa-callao-ausblick-1024x683.webp",1024,683,true],"1536x1536":["https:\/\/www.gonomadu.com\/wp-content\/uploads\/2025\/06\/villa-callao-ausblick.webp",1080,720,false],"2048x2048":["https:\/\/www.gonomadu.com\/wp-content\/uploads\/2025\/06\/villa-callao-ausblick.webp",1080,720,false],"houzez-gallery":["https:\/\/www.gonomadu.com\/wp-content\/uploads\/2025\/06\/villa-callao-ausblick.webp",1080,720,false],"houzez-top-v7":["https:\/\/www.gonomadu.com\/wp-content\/uploads\/2025\/06\/villa-callao-ausblick-780x720.webp",780,720,true],"houzez-item-image-6":["https:\/\/www.gonomadu.com\/wp-content\/uploads\/2025\/06\/villa-callao-ausblick-584x438.webp",584,438,true]},"uagb_author_info":{"display_name":"TRUEStudio","author_link":"https:\/\/www.gonomadu.com\/cs\/author\/truestudio\/"},"uagb_comment_info":0,"uagb_excerpt":"Stru\u010dn\u00e1 fakta Funkce Detail Terasa Jihoz\u00e1padn\u011b orientovan\u00e1 terasa s ob\u00fdvac\u00edm pokojem, venkovn\u00ed j\u00eddelnou a panoramatick\u00fdm v\u00fdhledem na oce\u00e1n Living Prostorn\u00fd ob\u00fdvac\u00ed pokoj\/j\u00eddelna v horn\u00edm pat\u0159e s prosklenou podlahou a\u017e ke stropu a p\u0159\u00edm\u00fdm vstupem na terasu Lo\u017enice Dv\u011b apartm\u00e1, sv\u011btl\u00e9 interi\u00e9ry ve st\u0159edomo\u0159sk\u00e9m stylu s v\u00fdhledem na mo\u0159e Well-being Vyh\u0159\u00edvan\u00fd nekone\u010dn\u00fd baz\u00e9n, venkovn\u00ed relaxa\u010dn\u00ed prostory,&hellip;","_links":{"self":[{"href":"https:\/\/www.gonomadu.com\/cs\/wp-json\/wp\/v2\/properties\/30237","targetHints":{"allow":["GET"]}}],"collection":[{"href":"https:\/\/www.gonomadu.com\/cs\/wp-json\/wp\/v2\/properties"}],"about":[{"href":"https:\/\/www.gonomadu.com\/cs\/wp-json\/wp\/v2\/types\/property"}],"author":[{"embeddable":true,"href":"https:\/\/www.gonomadu.com\/cs\/wp-json\/wp\/v2\/users\/1"}],"version-history":[{"count":1,"href":"https:\/\/www.gonomadu.com\/cs\/wp-json\/wp\/v2\/properties\/30237\/revisions"}],"predecessor-version":[{"id":30244,"href":"https:\/\/www.gonomadu.com\/cs\/wp-json\/wp\/v2\/properties\/30237\/revisions\/30244"}],"wp:featuredmedia":[{"embeddable":true,"href":"https:\/\/www.gonomadu.com\/cs\/wp-json\/wp\/v2\/media\/30223"}],"wp:attachment":[{"href":"https:\/\/www.gonomadu.com\/cs\/wp-json\/wp\/v2\/media?parent=30237"}],"wp:term":[{"taxonomy":"property_type","embeddable":true,"href":"https:\/\/www.gonomadu.com\/cs\/wp-json\/wp\/v2\/property_type?post=30237"},{"taxonomy":"property_status","embeddable":true,"href":"https:\/\/www.gonomadu.com\/cs\/wp-json\/wp\/v2\/property_status?post=30237"},{"taxonomy":"property_feature","embeddable":true,"href":"https:\/\/www.gonomadu.com\/cs\/wp-json\/wp\/v2\/property_feature?post=30237"},{"taxonomy":"property_label","embeddable":true,"href":"https:\/\/www.gonomadu.com\/cs\/wp-json\/wp\/v2\/property_label?post=30237"},{"taxonomy":"property_country","embeddable":true,"href":"https:\/\/www.gonomadu.com\/cs\/wp-json\/wp\/v2\/property_country?post=30237"},{"taxonomy":"property_state","embeddable":true,"href":"https:\/\/www.gonomadu.com\/cs\/wp-json\/wp\/v2\/property_state?post=30237"},{"taxonomy":"property_city","embeddable":true,"href":"https:\/\/www.gonomadu.com\/cs\/wp-json\/wp\/v2\/property_city?post=30237"},{"taxonomy":"property_area","embeddable":true,"href":"https:\/\/www.gonomadu.com\/cs\/wp-json\/wp\/v2\/property_area?post=30237"}],"curies":[{"name":"wp","href":"https:\/\/api.w.org\/{rel}","templated":true}]}}